{"id":8249,"date":"2025-07-27T10:03:57","date_gmt":"2025-07-27T10:03:57","guid":{"rendered":"https:\/\/detectivesmj.es\/?page_id=8249"},"modified":"2026-04-09T06:03:59","modified_gmt":"2026-04-09T06:03:59","slug":"presencia-en-medios","status":"publish","type":"page","link":"https:\/\/detectivesmj.es\/ca\/presencia-en-medios\/","title":{"rendered":"Pres\u00e8ncia als mitjans"},"content":{"rendered":"<div data-elementor-type=\"wp-page\" data-elementor-id=\"8249\" class=\"elementor elementor-8249\">\n\t\t\t\t        <section class=\"elementor-section elementor-top-section elementor-element elementor-element-df6d976 kng-section-overflow-hidden-yes elementor-section-boxed elementor-section-height-default elementor-section-height-default kng-boxed-bg-false kng-section-boxed-divider-false\" data-id=\"df6d976\" data-element_type=\"section\" data-e-type=\"section\" id=\"section-home\" data-settings=\"{&quot;background_background&quot;:&quot;gradient&quot;}\">\n        <div class=\"kng-section-bg-parallax\" data-parallax=\"{&quot;x&quot;:30,&quot;y&quot;:30}\"><\/div>                                     \n            <div class=\"elementor-container elementor-column-gap-default\">\n                    <div class=\"elementor-column elementor-col-50 elementor-top-column elementor-element elementor-element-69748a3 kng-column-element-default\" data-id=\"69748a3\" data-element_type=\"column\" data-e-type=\"column\">\n                        <div class=\"elementor-widget-wrap elementor-element-populated\">\n                     \n            \n         \n        \t\t<div class=\"elementor-element elementor-element-f48d648 kng-style-1 elementor-tablet-align-center elementor-icon-list--layout-traditional elementor-list-item-link-full_width elementor-invisible elementor-widget elementor-widget-icon-list\" data-id=\"f48d648\" data-element_type=\"widget\" data-e-type=\"widget\" data-settings=\"{&quot;_animation&quot;:&quot;fadeInUp&quot;}\" data-widget_type=\"icon-list.default\">\n\t\t\t\t<div class=\"elementor-widget-container\">\n\t\t\t\t\t\t\t<ul class=\"elementor-icon-list-items\">\n\t\t\t\t\t\t\t<li class=\"elementor-icon-list-item\">\n\t\t\t\t\t\t\t\t\t\t\t<span class=\"elementor-icon-list-icon\">\n\t\t\t\t\t\t\t<i aria-hidden=\"true\" class=\"far fa-info-circle\"><\/i>\t\t\t\t\t\t<\/span>\n\t\t\t\t\t\t\t\t\t\t<span class=\"elementor-icon-list-text\">\u00c0REES DE TREBALL<\/span>\n\t\t\t\t\t\t\t\t\t<\/li>\n\t\t\t\t\t\t<\/ul>\n\t\t\t\t\t\t<\/div>\n\t\t\t\t<\/div>\n\t\t\t\t<div class=\"elementor-element elementor-element-347a9f5 kng-heading-layout-1 elementor-invisible elementor-widget elementor-widget-kng_heading\" data-id=\"347a9f5\" data-element_type=\"widget\" data-e-type=\"widget\" data-settings=\"{&quot;_animation&quot;:&quot;fadeInUp&quot;}\" data-widget_type=\"kng_heading.default\">\n\t\t\t\t<div class=\"elementor-widget-container\">\n\t\t\t\t\t<div class=\"kng-heading-wrap text-xs-center  text-md-center text-lg-start\">\n        <h1 class=\"item-title\">\n        <span>Investigaci\u00f3 amb impacte: la nostra pres\u00e8ncia als mitjans<\/span>    <\/h1>\n    <\/div>\n\n\t\t\t\t<\/div>\n\t\t\t\t<\/div>\n\t\t\t\t<div class=\"elementor-element elementor-element-f3eb5a6 elementor-widget elementor-widget-text-editor\" data-id=\"f3eb5a6\" data-element_type=\"widget\" data-e-type=\"widget\" data-widget_type=\"text-editor.default\">\n\t\t\t\t<div class=\"elementor-widget-container\">\n\t\t\t\t\t\t\t\t\t<p>La tasca de MJ Detectives ha estat reconeguda pel seu rigor, professionalitat i comprom\u00eds amb cada cas. La nostra traject\u00f2ria ens ha portat a col\u00b7laborar en diversos mitjans de comunicaci\u00f3, aportant una visi\u00f3 experta sobre investigaci\u00f3 privada en casos legals, familiars, empresarials i socials.<\/p>\t\t\t\t\t\t\t\t<\/div>\n\t\t\t\t<\/div>\n\t\t\t\t\t<\/div>\n\t\t<\/div>\n\t\t        <div class=\"elementor-column elementor-col-50 elementor-top-column elementor-element elementor-element-d1b306e kng-column-element-default\" data-id=\"d1b306e\" data-element_type=\"column\" data-e-type=\"column\">\n                        <div class=\"elementor-widget-wrap elementor-element-populated\">\n                     \n            \n         \n        \t\t<div class=\"elementor-element elementor-element-51d12d5 elementor-invisible elementor-widget elementor-widget-image\" data-id=\"51d12d5\" data-element_type=\"widget\" data-e-type=\"widget\" data-settings=\"{&quot;_animation&quot;:&quot;fadeInRight&quot;}\" data-widget_type=\"image.default\">\n\t\t\t\t<div class=\"elementor-widget-container\">\n\t\t\t\t\t\t\t\t\t\t\t\t\t\t\t<img fetchpriority=\"high\" decoding=\"async\" width=\"600\" height=\"449\" src=\"https:\/\/detectivesmj.es\/wp-content\/uploads\/2025\/07\/investigaciones.png\" class=\"attachment-full size-full wp-image-8216\" alt=\"imagen en medios\" \/>\t\t\t\t\t\t\t\t\t\t\t\t\t\t\t<\/div>\n\t\t\t\t<\/div>\n\t\t\t\t\t<\/div>\n\t\t<\/div>\n\t\t            <\/div>\n        <\/section>\n        <div class=\"elementor-element elementor-element-c453121 e-flex e-con-boxed e-con e-parent\" data-id=\"c453121\" data-element_type=\"container\" data-e-type=\"container\">\n\t\t\t\t\t<div class=\"e-con-inner\">\n\t\t\t\t<div class=\"elementor-element elementor-element-ddbeafe kng-heading-layout-2 elementor-invisible elementor-widget elementor-widget-kng_heading\" data-id=\"ddbeafe\" data-element_type=\"widget\" data-e-type=\"widget\" data-settings=\"{&quot;_animation&quot;:&quot;fadeInUp&quot;}\" data-widget_type=\"kng_heading.default\">\n\t\t\t\t<div class=\"elementor-widget-container\">\n\t\t\t\t\t<div class=\"kng-heading-wrap\">\n            <div class=\"item-sub-title style-divider\">\n            <span>Revista Cap Gros (septembrede 2011)<\/span>\n        <\/div>\n        <h2 class=\"item-title\">\n        <span>Maria Jos\u00e9 Vicente: \"Una dona aconsegueix m\u00e9s informaci\u00f3\"<\/span>    <\/h2>\n<\/div>\n\n\t\t\t\t<\/div>\n\t\t\t\t<\/div>\n\t\t\t\t<div class=\"elementor-element elementor-element-e69515f elementor-widget elementor-widget-image\" data-id=\"e69515f\" data-element_type=\"widget\" data-e-type=\"widget\" data-widget_type=\"image.default\">\n\t\t\t\t<div class=\"elementor-widget-container\">\n\t\t\t\t\t\t\t\t\t\t\t\t\t\t\t\t<a href=\"https:\/\/capgros.elnacional.cat\/es\/mataro\/maria-jose-vicente-una-mujer-consigue-mas-informacion_128119_102.html\" target=\"_blank\">\n\t\t\t\t\t\t\t<img decoding=\"async\" width=\"960\" height=\"367\" src=\"https:\/\/detectivesmj.es\/wp-content\/uploads\/2025\/07\/detective-mataro-maresme.jpg\" class=\"attachment-large size-large wp-image-8264\" alt=\"imagen en medios\" \/>\t\t\t\t\t\t\t\t<\/a>\n\t\t\t\t\t\t\t\t\t\t\t\t\t\t\t<\/div>\n\t\t\t\t<\/div>\n\t\t\t\t\t<\/div>\n\t\t\t\t<\/div>\n\t\t<div class=\"elementor-element elementor-element-cfd32ca e-flex e-con-boxed e-con e-parent\" data-id=\"cfd32ca\" data-element_type=\"container\" data-e-type=\"container\">\n\t\t\t\t\t<div class=\"e-con-inner\">\n\t\t\t\t<div class=\"elementor-element elementor-element-e0fdf95 kng-heading-layout-2 elementor-invisible elementor-widget elementor-widget-kng_heading\" data-id=\"e0fdf95\" data-element_type=\"widget\" data-e-type=\"widget\" data-settings=\"{&quot;_animation&quot;:&quot;fadeInUp&quot;}\" data-widget_type=\"kng_heading.default\">\n\t\t\t\t<div class=\"elementor-widget-container\">\n\t\t\t\t\t<div class=\"kng-heading-wrap\">\n            <div class=\"item-sub-title style-divider\">\n            <span>Revista Tribuna (septembre de 2011)<\/span>\n        <\/div>\n        <h2 class=\"item-title\">\n        <span>Dones detectives: paci\u00e8ncia, ment freda i intel\u00b7lig\u00e8ncia social<\/span>    <\/h2>\n<\/div>\n\n\t\t\t\t<\/div>\n\t\t\t\t<\/div>\n\t\t\t\t<div class=\"elementor-element elementor-element-81fb340 elementor-widget elementor-widget-image\" data-id=\"81fb340\" data-element_type=\"widget\" data-e-type=\"widget\" data-widget_type=\"image.default\">\n\t\t\t\t<div class=\"elementor-widget-container\">\n\t\t\t\t\t\t\t\t\t\t\t\t\t\t\t\t<a href=\"https:\/\/issuu.com\/tribunamaresme\/docs\/255\" target=\"_blank\">\n\t\t\t\t\t\t\t<img decoding=\"async\" width=\"960\" height=\"367\" src=\"https:\/\/detectivesmj.es\/wp-content\/uploads\/2025\/07\/detective-mataro-maresme-2.jpg\" class=\"attachment-large size-large wp-image-8271\" alt=\"imagen en medios\" \/>\t\t\t\t\t\t\t\t<\/a>\n\t\t\t\t\t\t\t\t\t\t\t\t\t\t\t<\/div>\n\t\t\t\t<\/div>\n\t\t\t\t\t<\/div>\n\t\t\t\t<\/div>\n\t\t<div class=\"elementor-element elementor-element-2e9062a e-flex e-con-boxed e-con e-parent\" data-id=\"2e9062a\" data-element_type=\"container\" data-e-type=\"container\">\n\t\t\t\t\t<div class=\"e-con-inner\">\n\t\t\t\t<div class=\"elementor-element elementor-element-a78aa8d kng-heading-layout-2 elementor-invisible elementor-widget elementor-widget-kng_heading\" data-id=\"a78aa8d\" data-element_type=\"widget\" data-e-type=\"widget\" data-settings=\"{&quot;_animation&quot;:&quot;fadeInUp&quot;}\" data-widget_type=\"kng_heading.default\">\n\t\t\t\t<div class=\"elementor-widget-container\">\n\t\t\t\t\t<div class=\"kng-heading-wrap\">\n            <div class=\"item-sub-title style-divider\">\n            <span>Revista Cap Gros (novembre de 2016)<\/span>\n        <\/div>\n        <h2 class=\"item-title\">\n        <span>De professi\u00f3, detectiu privat<\/span>    <\/h2>\n<\/div>\n\n\t\t\t\t<\/div>\n\t\t\t\t<\/div>\n\t\t\t\t<div class=\"elementor-element elementor-element-3a2ded6 elementor-widget elementor-widget-image\" data-id=\"3a2ded6\" data-element_type=\"widget\" data-e-type=\"widget\" data-widget_type=\"image.default\">\n\t\t\t\t<div class=\"elementor-widget-container\">\n\t\t\t\t\t\t\t\t\t\t\t\t\t\t\t\t<a href=\"https:\/\/capgros.elnacional.cat\/es\/mataro\/de-profesion-detective-privado_706625_102.html\" target=\"_blank\">\n\t\t\t\t\t\t\t<img loading=\"lazy\" decoding=\"async\" width=\"551\" height=\"406\" src=\"https:\/\/detectivesmj.es\/wp-content\/uploads\/2025\/07\/detective-mataro-mareseme-3.jpg\" class=\"attachment-large size-large wp-image-8284\" alt=\"imagen en medios\" \/>\t\t\t\t\t\t\t\t<\/a>\n\t\t\t\t\t\t\t\t\t\t\t\t\t\t\t<\/div>\n\t\t\t\t<\/div>\n\t\t\t\t\t<\/div>\n\t\t\t\t<\/div>\n\t\t<div class=\"elementor-element elementor-element-9987763 e-flex e-con-boxed e-con e-parent\" data-id=\"9987763\" data-element_type=\"container\" data-e-type=\"container\">\n\t\t\t\t\t<div class=\"e-con-inner\">\n\t\t\t\t<div class=\"elementor-element elementor-element-48f3823 kng-heading-layout-2 elementor-invisible elementor-widget elementor-widget-kng_heading\" data-id=\"48f3823\" data-element_type=\"widget\" data-e-type=\"widget\" data-settings=\"{&quot;_animation&quot;:&quot;fadeInUp&quot;}\" data-widget_type=\"kng_heading.default\">\n\t\t\t\t<div class=\"elementor-widget-container\">\n\t\t\t\t\t<div class=\"kng-heading-wrap\">\n            <div class=\"item-sub-title style-divider\">\n            <span>Programa TV \"Conexi\u00f3n Samanta\" (febrer 2013)<\/span>\n        <\/div>\n        <h2 class=\"item-title\">\n        <span>Reportatge a \u201cMJ Detectives\u201d al programa \u201cConexi\u00f3n Samanta\u201d de Cuatro<\/span>    <\/h2>\n<\/div>\n\n\t\t\t\t<\/div>\n\t\t\t\t<\/div>\n\t\t\t\t<div class=\"elementor-element elementor-element-0d458e7 elementor-widget elementor-widget-image\" data-id=\"0d458e7\" data-element_type=\"widget\" data-e-type=\"widget\" data-widget_type=\"image.default\">\n\t\t\t\t<div class=\"elementor-widget-container\">\n\t\t\t\t\t\t\t\t\t\t\t\t\t\t\t\t<a href=\"https:\/\/www.mitele.es\/programas-tv\/conexion-samanta\/temporada-5\/episodios\/programa-52-40_1006372075264\/player\/\" target=\"_blank\" rel=\"nofollow\">\n\t\t\t\t\t\t\t<img loading=\"lazy\" decoding=\"async\" width=\"1050\" height=\"637\" src=\"https:\/\/detectivesmj.es\/wp-content\/uploads\/2026\/04\/foto-captura-video-02-1170x710.png\" class=\"attachment-large size-large wp-image-9376\" alt=\"\" srcset=\"https:\/\/detectivesmj.es\/wp-content\/uploads\/2026\/04\/foto-captura-video-02-1170x710.png 1170w, https:\/\/detectivesmj.es\/wp-content\/uploads\/2026\/04\/foto-captura-video-02-18x12.png 18w\" sizes=\"(max-width: 1050px) 100vw, 1050px\" \/>\t\t\t\t\t\t\t\t<\/a>\n\t\t\t\t\t\t\t\t\t\t\t\t\t\t\t<\/div>\n\t\t\t\t<\/div>\n\t\t\t\t\t<\/div>\n\t\t\t\t<\/div>\n\t\t<div class=\"elementor-element elementor-element-c88c335 e-flex e-con-boxed e-con e-parent\" data-id=\"c88c335\" data-element_type=\"container\" data-e-type=\"container\">\n\t\t\t\t\t<div class=\"e-con-inner\">\n\t\t\t\t<div class=\"elementor-element elementor-element-9e4b521 kng-heading-layout-2 elementor-invisible elementor-widget elementor-widget-kng_heading\" data-id=\"9e4b521\" data-element_type=\"widget\" data-e-type=\"widget\" data-settings=\"{&quot;_animation&quot;:&quot;fadeInUp&quot;}\" data-widget_type=\"kng_heading.default\">\n\t\t\t\t<div class=\"elementor-widget-container\">\n\t\t\t\t\t<div class=\"kng-heading-wrap\">\n            <div class=\"item-sub-title style-divider\">\n            <span>Programa TV \"Conexi\u00f3n Samanta\" (febrer 2013)<\/span>\n        <\/div>\n        <h2 class=\"item-title\">\n        <span>Entrevista per TV Matar\u00f3 i Beteve (gener 2024)<\/span>    <\/h2>\n<\/div>\n\n\t\t\t\t<\/div>\n\t\t\t\t<\/div>\n\t\t\t\t<div class=\"elementor-element elementor-element-635563d elementor-widget elementor-widget-image\" data-id=\"635563d\" data-element_type=\"widget\" data-e-type=\"widget\" data-widget_type=\"image.default\">\n\t\t\t\t<div class=\"elementor-widget-container\">\n\t\t\t\t\t\t\t\t\t\t\t\t\t\t\t\t<a href=\"https:\/\/beteve.cat\/via-15\/anonimat\/\" target=\"_blank\">\n\t\t\t\t\t\t\t<img loading=\"lazy\" decoding=\"async\" width=\"853\" height=\"480\" src=\"https:\/\/detectivesmj.es\/wp-content\/uploads\/2025\/07\/480.jpeg\" class=\"attachment-large size-large wp-image-8318\" alt=\"imagen en medios\" \/>\t\t\t\t\t\t\t\t<\/a>\n\t\t\t\t\t\t\t\t\t\t\t\t\t\t\t<\/div>\n\t\t\t\t<\/div>\n\t\t\t\t\t<\/div>\n\t\t\t\t<\/div>\n\t\t<div class=\"elementor-element elementor-element-eacf5ad e-flex e-con-boxed e-con e-parent\" data-id=\"eacf5ad\" data-element_type=\"container\" data-e-type=\"container\">\n\t\t\t\t\t<div class=\"e-con-inner\">\n\t\t\t\t<div class=\"elementor-element elementor-element-d5d5c6b kng-heading-layout-2 elementor-invisible elementor-widget elementor-widget-kng_heading\" data-id=\"d5d5c6b\" data-element_type=\"widget\" data-e-type=\"widget\" data-settings=\"{&quot;_animation&quot;:&quot;fadeInUp&quot;}\" data-widget_type=\"kng_heading.default\">\n\t\t\t\t<div class=\"elementor-widget-container\">\n\t\t\t\t\t<div class=\"kng-heading-wrap\">\n            <div class=\"item-sub-title style-divider\">\n            <span>Programa Radio \"La tarda\" (maig 2025)<\/span>\n        <\/div>\n        <h2 class=\"item-title\">\n        <span>Els detectius no s\u00f3n nom\u00e9s homes.  Elemental, estimat Watson.<\/span>    <\/h2>\n<\/div>\n\n\t\t\t\t<\/div>\n\t\t\t\t<\/div>\n\t\t\t\t<div class=\"elementor-element elementor-element-c99359e elementor-widget elementor-widget-image\" data-id=\"c99359e\" data-element_type=\"widget\" data-e-type=\"widget\" data-widget_type=\"image.default\">\n\t\t\t\t<div class=\"elementor-widget-container\">\n\t\t\t\t\t\t\t\t\t\t\t\t\t\t\t\t<a href=\"https:\/\/www.3cat.cat\/3cat\/els-detectius-no-son-nomes-homes-elemental-estimat-watson\/audio\/1245783\/\" target=\"_blank\" rel=\"nofollow\">\n\t\t\t\t\t\t\t<img loading=\"lazy\" decoding=\"async\" width=\"1139\" height=\"343\" src=\"https:\/\/detectivesmj.es\/wp-content\/uploads\/2025\/08\/foto-logo-radio.png\" class=\"attachment-full size-full wp-image-8768\" alt=\"imagen en medios\" \/>\t\t\t\t\t\t\t\t<\/a>\n\t\t\t\t\t\t\t\t\t\t\t\t\t\t\t<\/div>\n\t\t\t\t<\/div>\n\t\t\t\t\t<\/div>\n\t\t\t\t<\/div>\n\t\t<div class=\"elementor-element elementor-element-07bb994 e-flex e-con-boxed e-con e-parent\" data-id=\"07bb994\" data-element_type=\"container\" data-e-type=\"container\">\n\t\t\t\t\t<div class=\"e-con-inner\">\n\t\t\t\t<div class=\"elementor-element elementor-element-4015780 kng-heading-layout-2 elementor-invisible elementor-widget elementor-widget-kng_heading\" data-id=\"4015780\" data-element_type=\"widget\" data-e-type=\"widget\" data-settings=\"{&quot;_animation&quot;:&quot;fadeInUp&quot;}\" data-widget_type=\"kng_heading.default\">\n\t\t\t\t<div class=\"elementor-widget-container\">\n\t\t\t\t\t<div class=\"kng-heading-wrap\">\n            <div class=\"item-sub-title style-divider\">\n            <span>Altres participacions en mitjans<\/span>\n        <\/div>\n        <h2 class=\"item-title\">\n        <span>Participaci\u00f3 als p\u00f2dcasts \u201cMujeres con Valor\u201d i \u201cIn dubio Pro Olga\u201d de Gran V\u00eda Radio.<\/span>    <\/h2>\n<\/div>\n\n\t\t\t\t<\/div>\n\t\t\t\t<\/div>\n\t\t\t\t<div class=\"elementor-element elementor-element-f72fc75 kng-heading-layout-2 elementor-invisible elementor-widget elementor-widget-kng_heading\" data-id=\"f72fc75\" data-element_type=\"widget\" data-e-type=\"widget\" data-settings=\"{&quot;_animation&quot;:&quot;fadeInUp&quot;}\" data-widget_type=\"kng_heading.default\">\n\t\t\t\t<div class=\"elementor-widget-container\">\n\t\t\t\t\t<div class=\"kng-heading-wrap\">\n        <h2 class=\"item-title\">\n        <span>Participaci\u00f3 a \u201cEl Pla B\u201d de R\u00e0dio 4, entrevista a Vilassar R\u00e0dio i participaci\u00f3 a 8TVcat, entre d'altres. <\/span>    <\/h2>\n<\/div>\n\n\t\t\t\t<\/div>\n\t\t\t\t<\/div>\n\t\t\t\t\t<\/div>\n\t\t\t\t<\/div>\n\t\t\t\t<\/div>","protected":false},"excerpt":{"rendered":"<p>\u00c1REAS DE TRABAJO Investigaci\u00f3n con impacto: nuestra presencia en medios La labor de MJ Detectives ha sido reconocida por su rigor, profesionalidad y compromiso con cada caso. Nuestra trayectoria nos ha llevado a colaborar en diversos medios de comunicaci\u00f3n, aportando una visi\u00f3n experta sobre investigaci\u00f3n privada en casos legales, familiares, empresariales y sociales. Revista Cap [&hellip;]<\/p>\n","protected":false},"author":1,"featured_media":0,"parent":0,"menu_order":0,"comment_status":"closed","ping_status":"closed","template":"","meta":{"footnotes":""},"class_list":["post-8249","page","type-page","status-publish","hentry","kng-no-post-thumbnail"],"yoast_head":"<!-- This site is optimized with the Yoast SEO plugin v27.3 - https:\/\/yoast.com\/product\/yoast-seo-wordpress\/ -->\n<title>ca-0-Presencia en medios - Detectives Matar\u00f3 Maresme: MJ Detectives<\/title>\n<meta name=\"description\" content=\"La trayectoria de MJ Detectives en medios de comunicaci\u00f3n: colaboraciones en TV (Conexi\u00f3n Samanta), radio y prensa. Aportamos nuestra visi\u00f3n experta sobre investigaci\u00f3n privada y casos legales.\" \/>\n<meta name=\"robots\" content=\"index, follow, max-snippet:-1, max-image-preview:large, max-video-preview:-1\" \/>\n<link rel=\"canonical\" href=\"https:\/\/detectivesmj.es\/ca\/wp-json\/wp\/v2\/pages\/8249\/\" \/>\n<meta property=\"og:locale\" content=\"ca_ES\" \/>\n<meta property=\"og:type\" content=\"article\" \/>\n<meta property=\"og:title\" content=\"Presencia en medios - Detectives Matar\u00f3 Maresme: MJ Detectives\" \/>\n<meta property=\"og:description\" content=\"La trayectoria de MJ Detectives en medios de comunicaci\u00f3n: colaboraciones en TV (Conexi\u00f3n Samanta), radio y prensa. Aportamos nuestra visi\u00f3n experta sobre investigaci\u00f3n privada y casos legales.\" \/>\n<meta property=\"og:url\" content=\"https:\/\/detectivesmj.es\/ca\/presencia-en-medios\/\" \/>\n<meta property=\"og:site_name\" content=\"Detectives Matar\u00f3 Maresme: MJ Detectives\" \/>\n<meta property=\"article:modified_time\" content=\"2026-04-09T06:03:59+00:00\" \/>\n<meta property=\"og:image\" content=\"https:\/\/detectivesmj.es\/wp-content\/uploads\/2025\/07\/investigaciones.png\" \/>\n\t<meta property=\"og:image:width\" content=\"600\" \/>\n\t<meta property=\"og:image:height\" content=\"449\" \/>\n\t<meta property=\"og:image:type\" content=\"image\/png\" \/>\n<meta name=\"twitter:card\" content=\"summary_large_image\" \/>\n<meta name=\"twitter:label1\" content=\"Temps estimat de lectura\" \/>\n\t<meta name=\"twitter:data1\" content=\"3 minuts\" \/>\n<script type=\"application\/ld+json\" class=\"yoast-schema-graph\">{\"@context\":\"https:\\\/\\\/schema.org\",\"@graph\":[{\"@type\":\"WebPage\",\"@id\":\"https:\\\/\\\/detectivesmj.es\\\/presencia-en-medios\\\/\",\"url\":\"https:\\\/\\\/detectivesmj.es\\\/presencia-en-medios\\\/\",\"name\":\"Presencia en medios - Detectives Matar\u00f3 Maresme: MJ Detectives\",\"isPartOf\":{\"@id\":\"https:\\\/\\\/detectivesmj.es\\\/#website\"},\"primaryImageOfPage\":{\"@id\":\"https:\\\/\\\/detectivesmj.es\\\/presencia-en-medios\\\/#primaryimage\"},\"image\":{\"@id\":\"https:\\\/\\\/detectivesmj.es\\\/presencia-en-medios\\\/#primaryimage\"},\"thumbnailUrl\":\"https:\\\/\\\/detectivesmj.es\\\/wp-content\\\/uploads\\\/2025\\\/07\\\/investigaciones.png\",\"datePublished\":\"2025-07-27T10:03:57+00:00\",\"dateModified\":\"2026-04-09T06:03:59+00:00\",\"description\":\"La trayectoria de MJ Detectives en medios de comunicaci\u00f3n: colaboraciones en TV (Conexi\u00f3n Samanta), radio y prensa. Aportamos nuestra visi\u00f3n experta sobre investigaci\u00f3n privada y casos legales.\",\"breadcrumb\":{\"@id\":\"https:\\\/\\\/detectivesmj.es\\\/presencia-en-medios\\\/#breadcrumb\"},\"inLanguage\":\"ca\",\"potentialAction\":[{\"@type\":\"ReadAction\",\"target\":[\"https:\\\/\\\/detectivesmj.es\\\/presencia-en-medios\\\/\"]}]},{\"@type\":\"ImageObject\",\"inLanguage\":\"ca\",\"@id\":\"https:\\\/\\\/detectivesmj.es\\\/presencia-en-medios\\\/#primaryimage\",\"url\":\"https:\\\/\\\/detectivesmj.es\\\/wp-content\\\/uploads\\\/2025\\\/07\\\/investigaciones.png\",\"contentUrl\":\"https:\\\/\\\/detectivesmj.es\\\/wp-content\\\/uploads\\\/2025\\\/07\\\/investigaciones.png\"},{\"@type\":\"BreadcrumbList\",\"@id\":\"https:\\\/\\\/detectivesmj.es\\\/presencia-en-medios\\\/#breadcrumb\",\"itemListElement\":[{\"@type\":\"ListItem\",\"position\":1,\"name\":\"Portada\",\"item\":\"https:\\\/\\\/detectivesmj.es\\\/\"},{\"@type\":\"ListItem\",\"position\":2,\"name\":\"Presencia en medios\"}]},{\"@type\":\"WebSite\",\"@id\":\"https:\\\/\\\/detectivesmj.es\\\/#website\",\"url\":\"https:\\\/\\\/detectivesmj.es\\\/\",\"name\":\"Detectives Matar\u00f3 Maresme: MJ Detectives\",\"description\":\"Attorney &amp; Lawyers WordPress Theme\",\"potentialAction\":[{\"@type\":\"SearchAction\",\"target\":{\"@type\":\"EntryPoint\",\"urlTemplate\":\"https:\\\/\\\/detectivesmj.es\\\/?s={search_term_string}\"},\"query-input\":{\"@type\":\"PropertyValueSpecification\",\"valueRequired\":true,\"valueName\":\"search_term_string\"}}],\"inLanguage\":\"ca\"}]}<\/script>\n<!-- \/ Yoast SEO plugin. -->","yoast_head_json":{"title":"ca-0-Presencia en medios - Detectives Matar\u00f3 Maresme: MJ Detectives","description":"La trayectoria de MJ Detectives en medios de comunicaci\u00f3n: colaboraciones en TV (Conexi\u00f3n Samanta), radio y prensa. Aportamos nuestra visi\u00f3n experta sobre investigaci\u00f3n privada y casos legales.","robots":{"index":"index","follow":"follow","max-snippet":"max-snippet:-1","max-image-preview":"max-image-preview:large","max-video-preview":"max-video-preview:-1"},"canonical":"https:\/\/detectivesmj.es\/ca\/wp-json\/wp\/v2\/pages\/8249\/","og_locale":"ca_ES","og_type":"article","og_title":"Presencia en medios - Detectives Matar\u00f3 Maresme: MJ Detectives","og_description":"La trayectoria de MJ Detectives en medios de comunicaci\u00f3n: colaboraciones en TV (Conexi\u00f3n Samanta), radio y prensa. Aportamos nuestra visi\u00f3n experta sobre investigaci\u00f3n privada y casos legales.","og_url":"https:\/\/detectivesmj.es\/ca\/presencia-en-medios\/","og_site_name":"Detectives Matar\u00f3 Maresme: MJ Detectives","article_modified_time":"2026-04-09T06:03:59+00:00","og_image":[{"width":600,"height":449,"url":"https:\/\/detectivesmj.es\/wp-content\/uploads\/2025\/07\/investigaciones.png","type":"image\/png"}],"twitter_card":"summary_large_image","twitter_misc":{"Temps estimat de lectura":"3 minuts"},"schema":{"@context":"https:\/\/schema.org","@graph":[{"@type":"WebPage","@id":"https:\/\/detectivesmj.es\/presencia-en-medios\/","url":"https:\/\/detectivesmj.es\/presencia-en-medios\/","name":"Presencia en medios - Detectives Matar\u00f3 Maresme: MJ Detectives","isPartOf":{"@id":"https:\/\/detectivesmj.es\/#website"},"primaryImageOfPage":{"@id":"https:\/\/detectivesmj.es\/presencia-en-medios\/#primaryimage"},"image":{"@id":"https:\/\/detectivesmj.es\/presencia-en-medios\/#primaryimage"},"thumbnailUrl":"https:\/\/detectivesmj.es\/wp-content\/uploads\/2025\/07\/investigaciones.png","datePublished":"2025-07-27T10:03:57+00:00","dateModified":"2026-04-09T06:03:59+00:00","description":"La trayectoria de MJ Detectives en medios de comunicaci\u00f3n: colaboraciones en TV (Conexi\u00f3n Samanta), radio y prensa. Aportamos nuestra visi\u00f3n experta sobre investigaci\u00f3n privada y casos legales.","breadcrumb":{"@id":"https:\/\/detectivesmj.es\/presencia-en-medios\/#breadcrumb"},"inLanguage":"ca","potentialAction":[{"@type":"ReadAction","target":["https:\/\/detectivesmj.es\/presencia-en-medios\/"]}]},{"@type":"ImageObject","inLanguage":"ca","@id":"https:\/\/detectivesmj.es\/presencia-en-medios\/#primaryimage","url":"https:\/\/detectivesmj.es\/wp-content\/uploads\/2025\/07\/investigaciones.png","contentUrl":"https:\/\/detectivesmj.es\/wp-content\/uploads\/2025\/07\/investigaciones.png"},{"@type":"BreadcrumbList","@id":"https:\/\/detectivesmj.es\/presencia-en-medios\/#breadcrumb","itemListElement":[{"@type":"ListItem","position":1,"name":"Portada","item":"https:\/\/detectivesmj.es\/"},{"@type":"ListItem","position":2,"name":"Presencia en medios"}]},{"@type":"WebSite","@id":"https:\/\/detectivesmj.es\/#website","url":"https:\/\/detectivesmj.es\/","name":"Detectives Matar\u00f3 Maresme: MJ Detectives","description":"Attorney &amp; Lawyers WordPress Theme","potentialAction":[{"@type":"SearchAction","target":{"@type":"EntryPoint","urlTemplate":"https:\/\/detectivesmj.es\/?s={search_term_string}"},"query-input":{"@type":"PropertyValueSpecification","valueRequired":true,"valueName":"search_term_string"}}],"inLanguage":"ca"}]}},"_links":{"self":[{"href":"https:\/\/detectivesmj.es\/ca\/wp-json\/wp\/v2\/pages\/8249","targetHints":{"allow":["GET"]}}],"collection":[{"href":"https:\/\/detectivesmj.es\/ca\/wp-json\/wp\/v2\/pages"}],"about":[{"href":"https:\/\/detectivesmj.es\/ca\/wp-json\/wp\/v2\/types\/page"}],"author":[{"embeddable":true,"href":"https:\/\/detectivesmj.es\/ca\/wp-json\/wp\/v2\/users\/1"}],"replies":[{"embeddable":true,"href":"https:\/\/detectivesmj.es\/ca\/wp-json\/wp\/v2\/comments?post=8249"}],"version-history":[{"count":94,"href":"https:\/\/detectivesmj.es\/ca\/wp-json\/wp\/v2\/pages\/8249\/revisions"}],"predecessor-version":[{"id":9379,"href":"https:\/\/detectivesmj.es\/ca\/wp-json\/wp\/v2\/pages\/8249\/revisions\/9379"}],"wp:attachment":[{"href":"https:\/\/detectivesmj.es\/ca\/wp-json\/wp\/v2\/media?parent=8249"}],"curies":[{"name":"wp","href":"https:\/\/api.w.org\/{rel}","templated":true}]}}